{"id":52,"date":"2013-11-20T23:04:28","date_gmt":"2013-11-20T23:04:28","guid":{"rendered":"http:\/\/osnovnaskolakrk.hr\/dobrinj\/?page_id=52"},"modified":"2026-02-19T11:46:28","modified_gmt":"2026-02-19T11:46:28","slug":"djelatnici-skole","status":"publish","type":"page","link":"https:\/\/os-omisalj.hr\/ps-dobrinj\/djelatnici-skole\/","title":{"rendered":"Djelatnici \u0161kole"},"content":{"rendered":"<h3 style=\"text-align: center;\"><strong>VODITELJ \u0160KOLE:<\/strong><\/h3>\n<h4 style=\"text-align: center;\">\u00a0Krunoslav \u010culjat, vjerou\u010ditelj<\/h4>\n<h3 style=\"text-align: center;\">STRU\u010cNE SLU\u017dBE:<\/h3>\n<h4 style=\"text-align: center;\">PSIHOLOG: Ana Rudi\u0107 Miljanovi\u0107<\/h4>\n<h4 style=\"text-align: center;\">KNJI\u017dNI\u010cARKA: Ema Jedrlini\u0107<\/h4>\n<h4 style=\"text-align: center;\">PEDAGOG: Petra Tabulov &#8211; Strelov<\/h4>\n<h4 style=\"text-align: center;\">LOGOPED: Anita \u010conka Vili\u0107<\/h4>\n<h3 style=\"text-align: center;\"><strong>U\u010cITELJI RAZREDNE NASTAVE:<\/strong><\/h3>\n<h4 style=\"text-align: center;\">Martina Rade\u0161i\u0107<\/h4>\n<h4 style=\"text-align: center;\">Ana Valkovi\u0107<\/h4>\n<h4 style=\"text-align: center;\">Nariman Pava\u010di\u0107<\/h4>\n<h4 style=\"text-align: center;\">\u00a0 \u00a0Miranda Deren\u010dinovi\u0107<\/h4>\n<p style=\"text-align: center;\">\u00a0(produ\u017eeni boravak)<\/p>\n<h3 style=\"text-align: center;\"><strong>U\u010cITELJI PREDMETNE NASTAVE:<\/strong><\/h3>\n<h4 style=\"text-align: center;\">Maja Polonijo, hrvatski jezik<\/h4>\n<h4 style=\"text-align: center;\">Sandra Jurkovi\u0107, engleski jezik<\/h4>\n<h4 style=\"text-align: center;\">Igor Kova\u010d, njema\u010dki jezik<\/h4>\n<h4 style=\"text-align: center;\">Eda Josipovi\u0107, likovna kultura<\/h4>\n<h4 style=\"text-align: center;\">\u017deljka Komlenac, glazbena kultura<\/h4>\n<h4 style=\"text-align: center;\">Martina Bambi\u0107, matematika<\/h4>\n<h4 style=\"text-align: center;\">Judita Boji\u0107, matematika<\/h4>\n<h4 style=\"text-align: center;\">Lucija \u0160arini\u0107, priroda\/biologija\/kemija<\/h4>\n<h4 style=\"text-align: center;\">Luka Savin, fizika<\/h4>\n<h4 style=\"text-align: center;\">Olivera Ver\u0161i\u0107, tehni\u010dka kultura<\/h4>\n<h4 style=\"text-align: center;\">Nikolina \u0106uk, geografija<\/h4>\n<h4 style=\"text-align: center;\">Iva Dujmovi\u0107, povijest\/informatika<\/h4>\n<h4 style=\"text-align: center;\">\u00a0 \u00a0 \u00a0 \u00a0Leo Brnabi\u0107, tjelesna i zdravstvena kultura<\/h4>\n<h4><strong>\u00a0 \u00a0 \u00a0 \u00a0 \u00a0 \u00a0 \u00a0 \u00a0 \u00a0 \u00a0 \u00a0 \u00a0 \u00a0 \u00a0 \u00a0 \u00a0 \u00a0 \u00a0 \u00a0 \u00a0 \u00a0 \u00a0 \u00a0Fran Krsto Hrabri\u0107, informatika<\/strong><\/h4>\n<h4><strong>\u00a0 \u00a0 \u00a0 \u00a0 \u00a0 \u00a0 \u00a0 \u00a0 \u00a0 \u00a0 \u00a0 \u00a0 \u00a0 \u00a0 \u00a0 \u00a0 \u00a0 \u00a0 \u00a0 \u00a0 \u00a0 \u00a0 \u00a0 \u00a0 Teodora Tomljenovi\u0107, informatika<\/strong><\/h4>\n<h4 style=\"text-align: center;\">\u00a0 \u00a0Krunoslav \u010culjat, vjeronauk<\/h4>\n<h4 style=\"text-align: center;\"><\/h4>\n<h3 style=\"text-align: center;\"><strong>DJELATNICI \u0160KOLE<\/strong><\/h3>\n<h4 style=\"text-align: center;\">Ljiljana Bo\u017ei\u010devi\u0107<\/h4>\n<h4 style=\"text-align: center;\">Snje\u017eana Jer\u010denovi\u0107<\/h4>\n<h4 style=\"text-align: center;\">Vesna Pe\u010denkovi\u0107<\/h4>\n<h4 style=\"text-align: center;\">\u00a0Dra\u017een Kralji\u0107<\/h4>\n<h3 style=\"text-align: center;\"><strong>ASISTENTI U NASTAVI<\/strong><\/h3>\n<h4>\u00a0 \u00a0 \u00a0 \u00a0 \u00a0 \u00a0 \u00a0 \u00a0 \u00a0 \u00a0 \u00a0 \u00a0 \u00a0 \u00a0 \u00a0 \u00a0 \u00a0 \u00a0 \u00a0 \u00a0 \u00a0 \u00a0 \u00a0 \u00a0 \u00a0 \u00a0 \u00a0 \u00a0 \u00a0 \u00a0 \u00a0 \u00a0 \u00a0 \u00a0 Iva \u0160imi\u0107<\/h4>\n<h4 style=\"text-align: center;\">\u00a0 \u00a0Lorena Gojani<\/h4>\n<h4 style=\"text-align: center;\"><\/h4>\n","protected":false},"excerpt":{"rendered":"<p>VODITELJ \u0160KOLE: \u00a0Krunoslav \u010culjat, vjerou\u010ditelj STRU\u010cNE SLU\u017dBE: PSIHOLOG: Ana Rudi\u0107 Miljanovi\u0107 KNJI\u017dNI\u010cARKA: Ema Jedrlini\u0107 PEDAGOG: Petra Tabulov &#8211; Strelov LOGOPED: Anita \u010conka Vili\u0107 U\u010cITELJI RAZREDNE NASTAVE: Martina Rade\u0161i\u0107 Ana Valkovi\u0107 Nariman Pava\u010di\u0107 \u00a0 \u00a0Miranda Deren\u010dinovi\u0107 \u00a0(produ\u017eeni boravak) U\u010cITELJI PREDMETNE NASTAVE: &hellip; <a href=\"https:\/\/os-omisalj.hr\/ps-dobrinj\/djelatnici-skole\/\">Nastavi \u010ditati <span class=\"meta-nav\">&rarr;<\/span><\/a><\/p>\n","protected":false},"author":2,"featured_media":0,"parent":0,"menu_order":0,"comment_status":"closed","ping_status":"closed","template":"","meta":{"footnotes":""},"_links":{"self":[{"href":"https:\/\/os-omisalj.hr\/ps-dobrinj\/wp-json\/wp\/v2\/pages\/52"}],"collection":[{"href":"https:\/\/os-omisalj.hr\/ps-dobrinj\/wp-json\/wp\/v2\/pages"}],"about":[{"href":"https:\/\/os-omisalj.hr\/ps-dobrinj\/wp-json\/wp\/v2\/types\/page"}],"author":[{"embeddable":true,"href":"https:\/\/os-omisalj.hr\/ps-dobrinj\/wp-json\/wp\/v2\/users\/2"}],"replies":[{"embeddable":true,"href":"https:\/\/os-omisalj.hr\/ps-dobrinj\/wp-json\/wp\/v2\/comments?post=52"}],"version-history":[{"count":47,"href":"https:\/\/os-omisalj.hr\/ps-dobrinj\/wp-json\/wp\/v2\/pages\/52\/revisions"}],"predecessor-version":[{"id":6639,"href":"https:\/\/os-omisalj.hr\/ps-dobrinj\/wp-json\/wp\/v2\/pages\/52\/revisions\/6639"}],"wp:attachment":[{"href":"https:\/\/os-omisalj.hr\/ps-dobrinj\/wp-json\/wp\/v2\/media?parent=52"}],"curies":[{"name":"wp","href":"https:\/\/api.w.org\/{rel}","templated":true}]}}