{"id":321,"date":"2013-12-01T16:32:39","date_gmt":"2013-12-01T16:32:39","guid":{"rendered":"http:\/\/osnovnaskolakrk.hr\/dobrinj\/?page_id=321"},"modified":"2023-01-31T14:54:41","modified_gmt":"2023-01-31T14:54:41","slug":"otvorenje-nove-skole","status":"publish","type":"page","link":"https:\/\/os-omisalj.hr\/ps-dobrinj\/primjer-stranice-2\/otvorenje-nove-skole\/","title":{"rendered":"Otvorenje nove \u0161kole"},"content":{"rendered":"<p style=\"text-align: right; font-family: Arial, Helvetica, sans-serif;\"><span style=\"text-decoration: underline;\"><strong><span style=\"font-size: large;\"><span style=\"color: #666699;\"><span style=\"color: #993366; text-decoration: underline;\"><a href=\"https:\/\/os-omisalj.hr\/ps-dobrinj\/wp-content\/uploads\/2015\/03\/djaca2.jpg\"><img loading=\"lazy\" decoding=\"async\" class=\"aligncenter\" style=\"border: 0px currentColor;\" src=\"https:\/\/os-omisalj.hr\/ps-dobrinj\/wp-content\/uploads\/2015\/03\/djaca2.jpg\" alt=\"djaca2\" width=\"137\" height=\"94\" \/><\/a><\/span><\/span><\/span><\/strong><\/span><\/p>\n<h3 style=\"text-align: center;\"><\/h3>\n<p style=\"text-align: left;\">Nakon trogodi\u0161nje gradnje 23. sije\u010dnja 2007. otvorena je nova \u0161kola. To je tre\u0107a zgrada u 166 godina postojanja \u0161kole u Dobrinju.<\/p>\n<p style=\"text-align: left;\">Projektant, rije\u010dki arhitekt, Nenad Kocijan predvidio je zdanje za 21. stolje\u0107e, a gra\u0111evinsko poduze\u0107e GPP &#8220;Miki\u0107&#8221; iz Omi\u0161lja je sve to i sagradilo.<\/p>\n<p style=\"text-align: left;\">\u0160kola ima oko 1400 m2 zatvorenog prostora, unutra ima u\u010dionice, \u0161kolsku kuhinju i blagavaonicu, knji\u017enicu i informati\u010dku u\u010dionicu, veliki vi\u0161enamjenski ulazni prostor, kotlovnicu, zbornicu i &#8230; ba\u0161 sve \u0161to jedna dana\u0161nja \u0161kola mora imati. Na vi\u0161e od 11 000 m2 ure\u0111enog okoli\u0161a su travnjaci, pristupni put, parkirali\u0161te i lijepo ure\u0111eno rukometno igrali\u0161te s rasvjetom za no\u0107.<\/p>\n<p style=\"text-align: left;\">Otvorenje \u0161kole predstavilo je veliku prekretnicu u \u0161kolovanju na\u0161e djece ali i dru\u0161tvenog \u017eivota Dobrinj\u0161tine.<\/p>\n<p style=\"font-family: Arial, Helvetica, sans-serif; text-align: left;\"><span style=\"color: #666699; font-size: medium;\">\u00a0<\/span><\/p>\n","protected":false},"excerpt":{"rendered":"<p>Nakon trogodi\u0161nje gradnje 23. sije\u010dnja 2007. otvorena je nova \u0161kola. To je tre\u0107a zgrada u 166 godina postojanja \u0161kole u Dobrinju. Projektant, rije\u010dki arhitekt, Nenad Kocijan predvidio je zdanje za 21. stolje\u0107e, a gra\u0111evinsko poduze\u0107e GPP &#8220;Miki\u0107&#8221; iz Omi\u0161lja je &hellip; <a href=\"https:\/\/os-omisalj.hr\/ps-dobrinj\/primjer-stranice-2\/otvorenje-nove-skole\/\">Nastavi \u010ditati <span class=\"meta-nav\">&rarr;<\/span><\/a><\/p>\n","protected":false},"author":2,"featured_media":0,"parent":1736,"menu_order":0,"comment_status":"closed","ping_status":"closed","template":"","meta":{"footnotes":""},"_links":{"self":[{"href":"https:\/\/os-omisalj.hr\/ps-dobrinj\/wp-json\/wp\/v2\/pages\/321"}],"collection":[{"href":"https:\/\/os-omisalj.hr\/ps-dobrinj\/wp-json\/wp\/v2\/pages"}],"about":[{"href":"https:\/\/os-omisalj.hr\/ps-dobrinj\/wp-json\/wp\/v2\/types\/page"}],"author":[{"embeddable":true,"href":"https:\/\/os-omisalj.hr\/ps-dobrinj\/wp-json\/wp\/v2\/users\/2"}],"replies":[{"embeddable":true,"href":"https:\/\/os-omisalj.hr\/ps-dobrinj\/wp-json\/wp\/v2\/comments?post=321"}],"version-history":[{"count":2,"href":"https:\/\/os-omisalj.hr\/ps-dobrinj\/wp-json\/wp\/v2\/pages\/321\/revisions"}],"predecessor-version":[{"id":2248,"href":"https:\/\/os-omisalj.hr\/ps-dobrinj\/wp-json\/wp\/v2\/pages\/321\/revisions\/2248"}],"up":[{"embeddable":true,"href":"https:\/\/os-omisalj.hr\/ps-dobrinj\/wp-json\/wp\/v2\/pages\/1736"}],"wp:attachment":[{"href":"https:\/\/os-omisalj.hr\/ps-dobrinj\/wp-json\/wp\/v2\/media?parent=321"}],"curies":[{"name":"wp","href":"https:\/\/api.w.org\/{rel}","templated":true}]}}