{"id":1736,"date":"2013-11-14T20:54:48","date_gmt":"2013-11-14T20:54:48","guid":{"rendered":"http:\/\/osnovnaskolakrk.hr\/dobrinj\/?page_id=2"},"modified":"2023-01-31T14:54:32","modified_gmt":"2023-01-31T14:54:32","slug":"primjer-stranice-2","status":"publish","type":"page","link":"https:\/\/os-omisalj.hr\/ps-dobrinj\/primjer-stranice-2\/","title":{"rendered":"O \u0161koli"},"content":{"rendered":"<p style=\"text-align: center; font-family: Arial, Helvetica, sans-serif;\"><span style=\"color: #ff00ff;\"><span style=\"font-size: x-large;\"><a href=\"https:\/\/os-omisalj.hr\/ps-dobrinj\/wp-content\/uploads\/2015\/03\/pozdrav2.jpg\"><img loading=\"lazy\" decoding=\"async\" class=\"size-full wp-image-735 aligncenter\" style=\"border: 0px currentColor;\" src=\"https:\/\/os-omisalj.hr\/ps-dobrinj\/wp-content\/uploads\/2015\/03\/pozdrav2.jpg\" alt=\"pozdrav\" width=\"230\" height=\"153\" \/><\/a><\/span><\/span><\/p>\n<p style=\"text-align: center; font-family: Arial, Helvetica, sans-serif;\"><a href=\"https:\/\/os-omisalj.hr\/ps-dobrinj\/wp-content\/uploads\/2015\/03\/kola2.png\"><img loading=\"lazy\" decoding=\"async\" class=\"size-medium wp-image-781 aligncenter\" style=\"border: 0px currentColor;\" src=\"http:\/\/osnovnaskolakrk.hr\/dobrinj\/wp-content\/uploads\/\u0161kola2-300x125.png\" alt=\"\u0161kola2\" width=\"300\" height=\"125\" \/><\/a><\/p>\n<h2 style=\"text-align: center;\">Pozdrav \u0161koli!<\/h2>\n<p style=\"text-align: center;\">U PROLJE\u0106E ZAMIRI\u0160E CVIJE\u0106E,<\/p>\n<p style=\"text-align: center;\">LEPTIRI\u0106I PO\u010cINJU SVOJ LET<\/p>\n<p style=\"text-align: center;\">NA\u0160OJ \u0160KOLI \u017dELIM PUNO SRE\u0106E,<\/p>\n<p style=\"text-align: center;\">DOK ULAZI U NA\u0160 MALI SVIJET.<\/p>\n<p style=\"text-align: center;\">S TOBOM SKUPA UVIJEK \u0106EMO RASTI,<\/p>\n<p style=\"text-align: center;\">ZAJEDNO OSTVARIT NA\u0160E SNE.<\/p>\n<p style=\"text-align: center;\">SJAJEM SUNCA S TOBOM \u0106EMO SJATI<\/p>\n<p style=\"text-align: center;\">\u0160KOLO NA\u0160A, NEK&#8217; TE SRE\u0106A PRATI.<\/p>\n<p style=\"text-align: center;\">\n<p style=\"text-align: center;\">REFREN:<\/p>\n<p style=\"text-align: center;\">POZDRAV TEBI, \u0160KOLO NA\u0160A<\/p>\n<p style=\"text-align: center;\">POZDRAV TEBI, NAJDRA\u017dA.<\/p>\n<p style=\"text-align: center;\">DO\u0160LI SMO TI SRCE DATI,<\/p>\n<p style=\"text-align: center;\">TEBI \u0160KOLO ZAPJEVATI.<\/p>\n<p style=\"text-align: center;\">\n<p style=\"text-align: center;\">PRIJATELJSTVO NEK&#8217; NAS UVIJEK PRATI,<\/p>\n<p style=\"text-align: center;\">LEPTIRI\u0106 I CVJETI\u0106 \u0106EMO BIT,<\/p>\n<p style=\"text-align: center;\">JEDNO DRUGOM SRCE \u0106EMO DATI,<\/p>\n<p style=\"text-align: center;\">BIT \u0106E\u0160 NAMA I OTAC I MATI.<\/p>\n<p style=\"font-family: Arial, Helvetica, sans-serif;\"><img loading=\"lazy\" decoding=\"async\" class=\"aligncenter\" style=\"border: 0px currentColor;\" src=\"https:\/\/os-omisalj.hr\/ps-dobrinj\/wp-content\/uploads\/2015\/03\/zajedno-300x39.png\" alt=\"zajedno\" width=\"300\" height=\"39\" \/><\/p>\n","protected":false},"excerpt":{"rendered":"<p>Pozdrav \u0161koli! U PROLJE\u0106E ZAMIRI\u0160E CVIJE\u0106E, LEPTIRI\u0106I PO\u010cINJU SVOJ LET NA\u0160OJ \u0160KOLI \u017dELIM PUNO SRE\u0106E, DOK ULAZI U NA\u0160 MALI SVIJET. S TOBOM SKUPA UVIJEK \u0106EMO RASTI, ZAJEDNO OSTVARIT NA\u0160E SNE. SJAJEM SUNCA S TOBOM \u0106EMO SJATI \u0160KOLO NA\u0160A, NEK&#8217; &hellip; <a href=\"https:\/\/os-omisalj.hr\/ps-dobrinj\/primjer-stranice-2\/\">Nastavi \u010ditati <span class=\"meta-nav\">&rarr;<\/span><\/a><\/p>\n","protected":false},"author":2,"featured_media":0,"parent":0,"menu_order":0,"comment_status":"closed","ping_status":"closed","template":"","meta":{"footnotes":""},"_links":{"self":[{"href":"https:\/\/os-omisalj.hr\/ps-dobrinj\/wp-json\/wp\/v2\/pages\/1736"}],"collection":[{"href":"https:\/\/os-omisalj.hr\/ps-dobrinj\/wp-json\/wp\/v2\/pages"}],"about":[{"href":"https:\/\/os-omisalj.hr\/ps-dobrinj\/wp-json\/wp\/v2\/types\/page"}],"author":[{"embeddable":true,"href":"https:\/\/os-omisalj.hr\/ps-dobrinj\/wp-json\/wp\/v2\/users\/2"}],"replies":[{"embeddable":true,"href":"https:\/\/os-omisalj.hr\/ps-dobrinj\/wp-json\/wp\/v2\/comments?post=1736"}],"version-history":[{"count":1,"href":"https:\/\/os-omisalj.hr\/ps-dobrinj\/wp-json\/wp\/v2\/pages\/1736\/revisions"}],"predecessor-version":[{"id":2422,"href":"https:\/\/os-omisalj.hr\/ps-dobrinj\/wp-json\/wp\/v2\/pages\/1736\/revisions\/2422"}],"wp:attachment":[{"href":"https:\/\/os-omisalj.hr\/ps-dobrinj\/wp-json\/wp\/v2\/media?parent=1736"}],"curies":[{"name":"wp","href":"https:\/\/api.w.org\/{rel}","templated":true}]}}